{"id":28,"date":"2012-02-07T14:08:20","date_gmt":"2012-02-07T13:08:20","guid":{"rendered":"http:\/\/www.cdit.de\/wp-icem\/?page_id=28"},"modified":"2018-04-09T16:25:30","modified_gmt":"2018-04-09T14:25:30","slug":"geschichte","status":"publish","type":"page","link":"https:\/\/icem-www.folkwang-uni.de\/icem-web\/geschichte\/","title":{"rendered":"Geschichte"},"content":{"rendered":"<div id='gallery-1' class='gallery galleryid-28 gallery-columns-3 gallery-size-thumbnail'><figure class='gallery-item'>\n\t\t\t<div class='gallery-icon landscape'>\n\t\t\t\t<a href='https:\/\/icem-www.folkwang-uni.de\/icem-web\/wp-content\/uploads\/2012\/02\/Bilder.jpg'><img loading=\"lazy\" decoding=\"async\" width=\"480\" height=\"280\" src=\"https:\/\/icem-www.folkwang-uni.de\/icem-web\/wp-content\/uploads\/2012\/02\/Bilder-480x280.jpg\" class=\"attachment-thumbnail size-thumbnail\" alt=\"\" srcset=\"https:\/\/icem-www.folkwang-uni.de\/icem-web\/wp-content\/uploads\/2012\/02\/Bilder-480x280.jpg 480w, https:\/\/icem-www.folkwang-uni.de\/icem-web\/wp-content\/uploads\/2012\/02\/Bilder-565x330.jpg 565w\" sizes=\"auto, (max-width: 480px) 100vw, 480px\" \/><\/a>\n\t\t\t<\/div><\/figure><figure class='gallery-item'>\n\t\t\t<div class='gallery-icon landscape'>\n\t\t\t\t<a href='https:\/\/icem-www.folkwang-uni.de\/icem-web\/wp-content\/uploads\/2012\/02\/Reithjung1.jpg'><img loading=\"lazy\" decoding=\"async\" width=\"480\" height=\"280\" src=\"https:\/\/icem-www.folkwang-uni.de\/icem-web\/wp-content\/uploads\/2012\/02\/Reithjung1-480x280.jpg\" class=\"attachment-thumbnail size-thumbnail\" alt=\"\" \/><\/a>\n\t\t\t<\/div><\/figure><figure class='gallery-item'>\n\t\t\t<div class='gallery-icon landscape'>\n\t\t\t\t<a href='https:\/\/icem-www.folkwang-uni.de\/icem-web\/wp-content\/uploads\/2012\/02\/Floeter.jpg'><img loading=\"lazy\" decoding=\"async\" width=\"480\" height=\"280\" src=\"https:\/\/icem-www.folkwang-uni.de\/icem-web\/wp-content\/uploads\/2012\/02\/Floeter-480x280.jpg\" class=\"attachment-thumbnail size-thumbnail\" alt=\"\" \/><\/a>\n\t\t\t<\/div><\/figure><figure class='gallery-item'>\n\t\t\t<div class='gallery-icon landscape'>\n\t\t\t\t<a href='https:\/\/icem-www.folkwang-uni.de\/icem-web\/wp-content\/uploads\/2012\/02\/Geige2.jpg'><img loading=\"lazy\" decoding=\"async\" width=\"238\" height=\"228\" src=\"https:\/\/icem-www.folkwang-uni.de\/icem-web\/wp-content\/uploads\/2012\/02\/Geige2.jpg\" class=\"attachment-thumbnail size-thumbnail\" alt=\"\" \/><\/a>\n\t\t\t<\/div><\/figure><figure class='gallery-item'>\n\t\t\t<div class='gallery-icon landscape'>\n\t\t\t\t<a href='https:\/\/icem-www.folkwang-uni.de\/icem-web\/wp-content\/uploads\/2012\/02\/Module.jpg'><img loading=\"lazy\" decoding=\"async\" width=\"480\" height=\"280\" src=\"https:\/\/icem-www.folkwang-uni.de\/icem-web\/wp-content\/uploads\/2012\/02\/Module-480x280.jpg\" class=\"attachment-thumbnail size-thumbnail\" alt=\"\" \/><\/a>\n\t\t\t<\/div><\/figure><figure class='gallery-item'>\n\t\t\t<div class='gallery-icon portrait'>\n\t\t\t\t<a href='https:\/\/icem-www.folkwang-uni.de\/icem-web\/wp-content\/uploads\/2012\/02\/Synlab2.jpg'><img loading=\"lazy\" decoding=\"async\" width=\"372\" height=\"280\" src=\"https:\/\/icem-www.folkwang-uni.de\/icem-web\/wp-content\/uploads\/2012\/02\/Synlab2-372x280.jpg\" class=\"attachment-thumbnail size-thumbnail\" alt=\"\" \/><\/a>\n\t\t\t<\/div><\/figure>\n\t\t<\/div>\n\n<p>Ende der 60er Jahre war\u00a0Live-Elektronik\u00a0das gro\u00dfe Schlagwort in der elektronischen Musik. Handliche Ger\u00e4te wie der Synthesizer VCS III der englischen Firma EMS konnten auf vielf\u00e4ltige Art und Weise eingesetzt werden, auch in Verbindung mit live gespielten mechanischen Instrumenten. Im Jahre 1970 wurden bei der Berliner Firma Hofschneider drei Anlagen f\u00fcr live-elektronische Musik in Auftrag gegeben. Diese Anlagen waren speziell f\u00fcr die &#8222;Verfremdung&#8220; von Instrumentalkl\u00e4ngen konzipiert.<\/p>\n<p>Mit diesen Ger\u00e4ten arbeitete ein Ensemble, das aus der\u00a0Gruppe MHz\u00a0(Leitung: G\u00fcnther Becker) hervorgegangen ist und seit 1971 ausschlie\u00dflich aus Folkwang-Hochschul-Mitgliedern bestand. Die Mitglieder des Ensembles waren: Alfred Alings, G\u00fcnther Becker, Ferdi Brendgen, Mirko Dorner, Pierre W. Feit und Dirk Reith. In den folgenden Jahren \u00e4nderte sich das Ensemble einige Male, bis es sich 1973\/74 dann als festes live-elektronisches Ensemble aufl\u00f6ste.<\/p>\n<p>Neben der live-elektronischen Arbeit auf der B\u00fchne wurde schon sehr bald deutlich, dass bestimmte live-elektronische Projekte in einem entsprechend ausgestatteten Studio vorbereitet und erforscht werden mussten. So wurde das bis dahin sehr sparsam ausgestattete Studio in den Jahren 1975-78 mit einer neu konstruierten analogen Anlage (&#8222;Synlab&#8220; der Firma Hofschneider) ausgestattet, die man in Zusammenarbeit mit dieser Firma entwickelt hatte. Der hohe Pr\u00e4zisionsgrad dieses spannungssteuerbaren Systems erm\u00f6glichte sogar eine direkte Ansteuerung der analogen Ger\u00e4te \u00fcber ein entsprechendes Interface durch einen Digitalrechner. F\u00fcr die damit m\u00f6glich gewordene sogenannte\u00a0hybride Klangsynthese\u00a0wurde anf\u00e4nglich ein &#8222;Tektronix 4051&#8220; Mini-Computer eingesetzt, der dann in den folgenden Jahren durch einen &#8222;Apple II Plus&#8220; und einen &#8222;APS 64\/40&#8220; der Essener Firma micro control ersetzt wurde. F\u00fcr die Realisation von elektronischen Kompositionen im hybriden Environment (Klangsynthese mit analogen Ger\u00e4ten, Steuerung durch digitale Rechner) wurden spezielle Programme entwickelt.<\/p>\n<p>1990 gr\u00fcndete der Senat der Folkwang Hochschule ein\u00a0fachbereichs\u00fcbergreifendes Institut:Das ICEM (Institut f\u00fcr Computermusik und Elektronische Medien) beinhaltet \u00fcber das Elektronische Studio hinaus weitere Fachabteilungen f\u00fcr Audiotechnik. K\u00fcnstlerischer Leiter des ICEM wurde Prof.\u00a0<a title=\"Who is Who\" href=\"https:\/\/icem-www.folkwang-uni.de\/icem-web\/who-is-who\/\">Dirk Reith<\/a>, die technische Leitung lag in den H\u00e4nden von Dipl.-Ing.\u00a0Roland Masslich. Der Servicetechniker und Realisator in den Elektronischen Studios ist\u00a0<a title=\"Who is Who\" href=\"https:\/\/icem-www.folkwang-uni.de\/icem-web\/who-is-who\/\">Ralf Galberg. Martin Preu\u00a0<\/a>ist verantwortlich f\u00fcr die Beschallungstechnik und die Klangregie bei Konzerten mit elektroakustischen Medien. Neben der Ausbildung von Komponisten betreut das ICEM alle Projekte der Hochschule, in denen Medien in umfassendem Masse eingesetzt werden (siehe\u00a0<a title=\"Studios &amp; Anlagen\" href=\"https:\/\/icem-www.folkwang-uni.de\/icem-web\/studios-anlagen\/\">Studios &amp; Anlagen<\/a>).<\/p>\n<p>Mit der Einrichtung des Diplom-Studiengangs Jazz wurde unter der Leitung des ICEM ein spezielles, auf die Anforderungen der Jazz-und Popmusik zugeschnittenes Studio errichtet, das\u00a0<a title=\"Projekt-Studio\" href=\"https:\/\/icem-www.folkwang-uni.de\/icem-web\/studios-anlagen\/projekt-studio\/\">Projekt-Studio<\/a>.\u00a0\u00a0Im Zuge der Federf\u00fchrung der Arbeitsgruppe &#8222;Multimedia &amp; Kunst NRW&#8220; des MSWWF (Ministerium f\u00fcr Stadtentwicklung, Wissenschaft, Weiterbildung und Forschung) von 1996 bis 1999 wurde ein Studio f\u00fcr Visuelle Medien eingerichtet. Erweitert wurde dieses Medienstudio von 1999 bis 2002 im Rahmen des Forschungsprojektes &#8222;Interaktive Medienb\u00fchne&#8220; des MSWWF; es entstand das\u00a0<a title=\"Audio\/Video-Medien-Studio\" href=\"https:\/\/icem-www.folkwang-uni.de\/icem-web\/studios-anlagen\/av-medien-studio\/\">Audio\/Video-Medien-Studio<\/a>. Im Jahre 2000 wurde die j\u00fcngste Einrichtung des ICEM, das neue\u00a0<a title=\"Tonaufnahmestudio\" href=\"https:\/\/icem-www.folkwang-uni.de\/icem-web\/studios-anlagen\/tonaufnahmestudio\/\">Tonaufnahmestudio<\/a>, eingeweiht. Die Studioleitung liegt in den H\u00e4nden von Diplom Ton- und Bildingenieur\u00a0<a title=\"Who is Who\" href=\"https:\/\/icem-www.folkwang-uni.de\/icem-web\/who-is-who\/\">Arthur Jogerst<\/a>. Neben der Standardausstattung eines solchen Studios wurde es mit einem modernen Abh\u00f6rsystem in Dolby Surround (6.1) Technik ausgestattet. Dar\u00fcber hinaus ist es auch mit Projektionseinrichtung f\u00fcr die Video-Postproduktion ausger\u00fcstet.<\/p>\n<p>Im Jahre 2001 wurde die Elektronische Musik an der Folkwang-Hochschule 30 Jahre alt. Zu diesem Anlass ver\u00f6ffentlichte das ICEM in seiner CD-Reihe &#8222;ex machina&#8220; die Ausgaben Volume 4 bis 6, &#8222;Die Jubil\u00e4umsausgabe&#8220;. Drei CDs mit Produktionen aus dem ICEM \u00fcber drei Dekaden zeigen ein umfassendes Klangbild des elektronischen Schaffens am ICEM (siehe\u00a0<a title=\"Audios &amp; Videos\" href=\"https:\/\/icem-www.folkwang-uni.de\/icem-web\/audios-videos\/\">ICEM-Diskographie<\/a>).<\/p>\n<p>Im Jahr 2011 feierte man 40 Jahre elektronische Musik an der\u00a0Folkwang Universit\u00e4t der K\u00fcnste. Dirk Reith gab angesichts seiner nahenden Pensionierung die Leitung des ICEM ab, neuer k\u00fcnstlerischer und gesch\u00e4ftsf\u00fchrender Leiter ist Prof. Thomas Neuhaus. Auch Roland Masslich verliess das ICEM im November 2011.<\/p>\n<p>Zwei wichtige Personalentscheidungen wurden im Herbst 2012 getroffen. Die Stelle des technischen Leiters wurde geteilt, und so ist seit November 2012 Max Schmitz mit einer halben Stelle neuer technischer Koordinator des ICEM. Er ist bereits seit langem Lehrbeauftragter an der Hochschule und dem ICEM durch seine Arbeiten im Projektstudio mit Studierenden des Studiengangs Jazz bestens bekannt. Im Hauptberuf ist Max Schmitz Inhaber einer Produktionsfirma f\u00fcr audiovisualle Medien.<\/p>\n<p>Die andere H\u00e4lfte der freien Stelle von Roland Masslich ging an Georg Niehusmann, der Arthur Jogerst im Tonaufnahmestudio und bei Livemitschnitten unterst\u00fctzen wird. Er ist &#8222;fester freier&#8220; Mitarbeiter beim WDR und betreibt ein eigenes Tonstudio.<\/p>\n<p>Im Herbst 2016 kam Christiane Strothmann als &#8222;<a href=\"https:\/\/icem-www.folkwang-uni.de\/icem-web\/artist-in-progress\/\">Artist in Progress<\/a>&#8220; ans ICEM, um ihr k\u00fcnstlerisches Forschungsprojekt &#8222;<a href=\"https:\/\/icem-www.folkwang-uni.de\/icem-web\/die-fuenf-elemente-electroacoustic-meets-boen\/\">Electroacoustics meets B\u00f6n<\/a>&#8220; zu realisieren. Das k\u00fcnstlerische Ergebnis wird beim NOW! Festival 2018 gezeigt.<\/p>\n<p>Seit Oktober 2017 ist Michael Edwards neuer Professor f\u00fcr elektronische Komposition am ICEM und tritt damit die Nachfolge von Prof Dirk Reith an.<\/p>\n<p>Nach \u00fcber vierzigj\u00e4hriger Ausbildung von Komponisten in der elektroakustischen Musik hat das ICEM die neuen Studieng\u00e4ngen \u00a0<a href=\"http:\/\/www.folkwang-uni.de\/home\/musik\/studiengaenge\/integrative-komposition\/\">&#8222;Integrative Komposition<\/a>&#8220; der Folkwang Universit\u00e4t der K\u00fcnste massgeblich mitgestaltet. In diesenStudieng\u00e4ngen kann man heute seine Abschl\u00fcsse als Bachelor oder Master machen. Die &#8222;Integrative Komposition&#8220; umfasst die F\u00e4cher: Instrumentalkomposition, Elektronische Komposition, Komposition und Visualisierung, sowie Pop-Komposition. Eine Hauptfacherweiterung zur Jazzkomposition ist ebenfalls vorgesehen.<\/p>\n<p>Die Ausbildung am ICEM, im Umfeld der gesamten Hochschule mit ihren Studieng\u00e4ngen aus Musik, Theater und Tanz, erm\u00f6glicht den Studierenden eine umfassende Ausbildung mit mannigfaltigen M\u00f6glichkeiten in interdisziplin\u00e4ren Projekten mit professionellem, \u00e4sthetisch reflektiertem Einsatz elektronischer Medien.<\/p>\n<p>Seit dem Jahrtausendwechsel ist das ICEM zunehmend als Partner bei regionalen und \u00fcberregionalen Veranstaltungen und Festivals gefragt. So vertritt es die elektronischen und medialen K\u00fcnste im Rahmen des Projekts\u00a0<a href=\"http:\/\/www.netzwerkneuemusik.de\/index.php?option=com_content&amp;task=view&amp;id=137&amp;Itemid=671\">&#8222;Entdeckungen&#8220; im Netzwerk Neue Musik<\/a>\u00a02008-11 und in den sich daran anschliessenden\u00a0<a href=\"http:\/\/www.philharmonie-essen.de\/themen-reihen\/now-zuruecknachvorn.htm\">NOW!<\/a>\u00a0Festivals seit 2012. In Zusammenarbeit mit der Philharmonie Essen generiert das ICEM \u00fcberdies seit 2011 j\u00e4hrlich die musikalische Konzeption und den Content f\u00fcr die\u00a0<a href=\"http:\/\/www.philharmonie-essen.de\/konzerte\/event\/31959.htm\">Park Sounds<\/a><\/p>\n<p>Auch mit der\u00a0<a href=\"http:\/\/www.zollverein.de\">Stiftung Zollverein<\/a>\u00a0gibt es intensive Zusammenarbeit bei gemeinsamen Veranstaltungen. So generierte das ICEM die Reihe Round Midnight, bei der jeweils ein Teil des Zollverein Gel\u00e4ndes eine ganze Nacht mit Konzerten, Installationen, Videos und Performances bespielt wird. Round MIdnight fand bisher 2007-09 und 11 statt. Bei der &#8222;Extraschicht&#8220; ist das ICEM ebenfalls regelm\u00e4\u00dfig mit unterschiedlichsten Programmpunkten vertreten.<\/p>\n<p>In all diesen Veranstaltungen werden Studierende weitgehend eingebunden, sodass sie w\u00e4hrend ihres Studiums einen intensiven Praxisbezug erfahren k\u00f6nnen.<\/p>\n<p>&nbsp;<\/p>\n","protected":false},"excerpt":{"rendered":"<p>Ende der 60er Jahre war\u00a0Live-Elektronik\u00a0das gro\u00dfe Schlagwort in der elektronischen Musik. Handliche Ger\u00e4te wie der Synthesizer VCS III der englischen<\/p>\n","protected":false},"author":1,"featured_media":0,"parent":0,"menu_order":0,"comment_status":"closed","ping_status":"closed","template":"","meta":{"_acf_changed":false,"footnotes":""},"class_list":["post-28","page","type-page","status-publish","hentry"],"acf":[],"_links":{"self":[{"href":"https:\/\/icem-www.folkwang-uni.de\/icem-web\/wp-json\/wp\/v2\/pages\/28","targetHints":{"allow":["GET"]}}],"collection":[{"href":"https:\/\/icem-www.folkwang-uni.de\/icem-web\/wp-json\/wp\/v2\/pages"}],"about":[{"href":"https:\/\/icem-www.folkwang-uni.de\/icem-web\/wp-json\/wp\/v2\/types\/page"}],"author":[{"embeddable":true,"href":"https:\/\/icem-www.folkwang-uni.de\/icem-web\/wp-json\/wp\/v2\/users\/1"}],"replies":[{"embeddable":true,"href":"https:\/\/icem-www.folkwang-uni.de\/icem-web\/wp-json\/wp\/v2\/comments?post=28"}],"version-history":[{"count":11,"href":"https:\/\/icem-www.folkwang-uni.de\/icem-web\/wp-json\/wp\/v2\/pages\/28\/revisions"}],"predecessor-version":[{"id":8325,"href":"https:\/\/icem-www.folkwang-uni.de\/icem-web\/wp-json\/wp\/v2\/pages\/28\/revisions\/8325"}],"wp:attachment":[{"href":"https:\/\/icem-www.folkwang-uni.de\/icem-web\/wp-json\/wp\/v2\/media?parent=28"}],"curies":[{"name":"wp","href":"https:\/\/api.w.org\/{rel}","templated":true}]}}